{"id":79755,"date":"2025-12-22T09:30:38","date_gmt":"2025-12-22T08:30:38","guid":{"rendered":"https:\/\/monchstein.at\/festival-de-salzburg\/"},"modified":"2026-03-14T13:35:14","modified_gmt":"2026-03-14T12:35:14","slug":"festival-de-salzburg","status":"publish","type":"page","link":"https:\/\/monchstein.at\/fr\/festival-de-salzburg\/","title":{"rendered":"Festival de Salzburg"},"content":{"rendered":"\t\t<div data-elementor-type=\"wp-page\" data-elementor-id=\"79755\" class=\"elementor elementor-79755 elementor-77888\" data-elementor-post-type=\"page\">\n\t\t\t\t<div class=\"elementor-element elementor-element-18a68bb e-flex e-con-boxed e-con e-parent\" data-id=\"18a68bb\" data-element_type=\"container\" data-e-type=\"container\" data-settings=\"{&quot;background_background&quot;:&quot;classic&quot;}\">\n\t\t\t\t\t<div class=\"e-con-inner\">\n\t\t\t\t<div class=\"elementor-element elementor-element-7650228 elementor-widget-mobile__width-inherit elementor-widget elementor-widget-heading\" data-id=\"7650228\" data-element_type=\"widget\" data-e-type=\"widget\" data-widget_type=\"heading.default\">\n\t\t\t\t<div class=\"elementor-widget-container\">\n\t\t\t\t\t<h4 class=\"elementor-heading-title elementor-size-default\">Plaisir culturel au plus haut niveau<\/h4>\t\t\t\t<\/div>\n\t\t\t\t<\/div>\n\t\t\t\t<div class=\"elementor-element elementor-element-0295f07 elementor-widget-mobile__width-inherit elementor-widget elementor-widget-heading\" data-id=\"0295f07\" data-element_type=\"widget\" data-e-type=\"widget\" data-widget_type=\"heading.default\">\n\t\t\t\t<div class=\"elementor-widget-container\">\n\t\t\t\t\t<h1 class=\"elementor-heading-title elementor-size-default\">Festival de Salzburg<\/h1>\t\t\t\t<\/div>\n\t\t\t\t<\/div>\n\t\t\t\t<div class=\"elementor-element elementor-element-243ebb5 elementor-widget-mobile__width-inherit elementor-widget elementor-widget-heading\" data-id=\"243ebb5\" data-element_type=\"widget\" data-e-type=\"widget\" data-widget_type=\"heading.default\">\n\t\t\t\t<div class=\"elementor-widget-container\">\n\t\t\t\t\t<h4 class=\"elementor-heading-title elementor-size-default\">Photo \u00a9 Luigi Caputo<\/h4>\t\t\t\t<\/div>\n\t\t\t\t<\/div>\n\t\t\t\t\t<\/div>\n\t\t\t\t<\/div>\n\t\t<div class=\"elementor-element elementor-element-19e52d5 e-flex e-con-boxed e-con e-parent\" data-id=\"19e52d5\" data-element_type=\"container\" data-e-type=\"container\">\n\t\t\t\t\t<div class=\"e-con-inner\">\n\t\t<div class=\"elementor-element elementor-element-37ae09b e-con-full e-flex e-con e-child\" data-id=\"37ae09b\" data-element_type=\"container\" data-e-type=\"container\">\n\t\t\t\t<div class=\"elementor-element elementor-element-f593b1b elementor-widget elementor-widget-heading\" data-id=\"f593b1b\" data-element_type=\"widget\" data-e-type=\"widget\" data-widget_type=\"heading.default\">\n\t\t\t\t<div class=\"elementor-widget-container\">\n\t\t\t\t\t<h4 class=\"elementor-heading-title elementor-size-default\">Luxe, culture &amp; confort<\/h4>\t\t\t\t<\/div>\n\t\t\t\t<\/div>\n\t\t\t\t<div class=\"elementor-element elementor-element-4322090 elementor-widget elementor-widget-heading\" data-id=\"4322090\" data-element_type=\"widget\" data-e-type=\"widget\" data-widget_type=\"heading.default\">\n\t\t\t\t<div class=\"elementor-widget-container\">\n\t\t\t\t\t<h2 class=\"elementor-heading-title elementor-size-default\">Votre s\u00e9jour au Festival au Schloss M\u00f6nchstein\n<\/h2>\t\t\t\t<\/div>\n\t\t\t\t<\/div>\n\t\t\t\t<div class=\"elementor-element elementor-element-40050fe elementor-widget elementor-widget-text-editor\" data-id=\"40050fe\" data-element_type=\"widget\" data-e-type=\"widget\" data-widget_type=\"text-editor.default\">\n\t\t\t\t<div class=\"elementor-widget-container\">\n\t\t\t\t\t\t\t\t\t<p>Chaque \u00e9t\u00e9, Salzbourg se transforme en sc\u00e8ne du monde : le Festival de Salzburg repr\u00e9sente depuis plus de 100 ans l&rsquo;excellence en mati\u00e8re d&rsquo;art, de musique et de culture th\u00e9\u00e2trale. Des stars internationales, des chefs d&rsquo;orchestre renomm\u00e9s et un public exigeant caract\u00e9risent cet \u00e9v\u00e9nement unique qui attire chaque ann\u00e9e des visiteurs du monde entier dans la ville de Mozart. <\/p><p>\u00c0 quelques minutes seulement du Palais des Festivals, l&rsquo;Hotel Schloss M\u00f6nchstein*****s offre le cadre parfait pour votre s\u00e9jour pendant la p\u00e9riode du Festival. Perch\u00e9 au-dessus de la ville, vous profitez de calme, d&rsquo;intimit\u00e9 et d&rsquo;un service au plus haut niveau \u2013 tout en \u00e9tant \u00e0 proximit\u00e9 imm\u00e9diate des repr\u00e9sentations. <\/p><p>Apr\u00e8s une soir\u00e9e riche en musique et en \u00e9motions, le Schloss vous offre un refuge d&rsquo;exception : des chambres et suites \u00e9l\u00e9gantes, le restaurant \u00e9toil\u00e9 The Glass Garden, un luxueux M\u00f6nchstein SPA et une vue qui inspire.<\/p>\t\t\t\t\t\t\t\t<\/div>\n\t\t\t\t<\/div>\n\t\t\t\t<div class=\"elementor-element elementor-element-ca27419 elementor-mobile-align-justify elementor-widget-mobile__width-inherit elementor-widget elementor-widget-button\" data-id=\"ca27419\" data-element_type=\"widget\" data-e-type=\"widget\" data-widget_type=\"button.default\">\n\t\t\t\t<div class=\"elementor-widget-container\">\n\t\t\t\t\t\t\t\t\t<div class=\"elementor-button-wrapper\">\n\t\t\t\t\t<a class=\"elementor-button elementor-button-link elementor-size-sm\" href=\"https:\/\/monchstein.at\/wp-content\/uploads\/2025\/12\/sf26_jm_doppelseiten_72dpi-komprimiert.pdf\">\n\t\t\t\t\t\t<span class=\"elementor-button-content-wrapper\">\n\t\t\t\t\t\t\t\t\t<span class=\"elementor-button-text\">Programme du Festival \u00e9t\u00e9 2026<\/span>\n\t\t\t\t\t<\/span>\n\t\t\t\t\t<\/a>\n\t\t\t\t<\/div>\n\t\t\t\t\t\t\t\t<\/div>\n\t\t\t\t<\/div>\n\t\t\t\t<\/div>\n\t\t<div class=\"elementor-element elementor-element-d6d0deb e-con-full e-transform e-flex e-con e-child\" data-id=\"d6d0deb\" data-element_type=\"container\" data-e-type=\"container\" data-settings=\"{&quot;_transform_translateX_effect_mobile&quot;:{&quot;unit&quot;:&quot;px&quot;,&quot;size&quot;:0,&quot;sizes&quot;:[]},&quot;_transform_translateX_effect&quot;:{&quot;unit&quot;:&quot;px&quot;,&quot;size&quot;:&quot;&quot;,&quot;sizes&quot;:[]},&quot;_transform_translateX_effect_tablet&quot;:{&quot;unit&quot;:&quot;px&quot;,&quot;size&quot;:&quot;&quot;,&quot;sizes&quot;:[]},&quot;_transform_translateY_effect&quot;:{&quot;unit&quot;:&quot;px&quot;,&quot;size&quot;:&quot;&quot;,&quot;sizes&quot;:[]},&quot;_transform_translateY_effect_tablet&quot;:{&quot;unit&quot;:&quot;px&quot;,&quot;size&quot;:&quot;&quot;,&quot;sizes&quot;:[]},&quot;_transform_translateY_effect_mobile&quot;:{&quot;unit&quot;:&quot;px&quot;,&quot;size&quot;:&quot;&quot;,&quot;sizes&quot;:[]}}\">\n\t\t\t\t<div class=\"elementor-element elementor-element-7b7b00c e-transform elementor-widget elementor-widget-image\" data-id=\"7b7b00c\" data-element_type=\"widget\" data-e-type=\"widget\" data-settings=\"{&quot;_transform_translateX_effect&quot;:{&quot;unit&quot;:&quot;%&quot;,&quot;size&quot;:20,&quot;sizes&quot;:[]},&quot;_transform_translateX_effect_tablet&quot;:{&quot;unit&quot;:&quot;%&quot;,&quot;size&quot;:&quot;&quot;,&quot;sizes&quot;:[]},&quot;_transform_translateX_effect_mobile&quot;:{&quot;unit&quot;:&quot;%&quot;,&quot;size&quot;:0,&quot;sizes&quot;:[]},&quot;_transform_translateY_effect&quot;:{&quot;unit&quot;:&quot;px&quot;,&quot;size&quot;:&quot;&quot;,&quot;sizes&quot;:[]},&quot;_transform_translateY_effect_tablet&quot;:{&quot;unit&quot;:&quot;px&quot;,&quot;size&quot;:&quot;&quot;,&quot;sizes&quot;:[]},&quot;_transform_translateY_effect_mobile&quot;:{&quot;unit&quot;:&quot;px&quot;,&quot;size&quot;:&quot;&quot;,&quot;sizes&quot;:[]}}\" data-widget_type=\"image.default\">\n\t\t\t\t<div class=\"elementor-widget-container\">\n\t\t\t\t\t\t\t\t\t\t\t\t\t\t\t<img fetchpriority=\"high\" decoding=\"async\" width=\"1024\" height=\"576\" src=\"https:\/\/monchstein.at\/wp-content\/uploads\/2025\/12\/hires-grossesfestspielhaus_auditorium_c_sf-1024x576.jpg\" class=\"attachment-large size-large wp-image-79757\" alt=\"\" srcset=\"https:\/\/monchstein.at\/wp-content\/uploads\/2025\/12\/hires-grossesfestspielhaus_auditorium_c_sf-1024x576.jpg 1024w, https:\/\/monchstein.at\/wp-content\/uploads\/2025\/12\/hires-grossesfestspielhaus_auditorium_c_sf-300x169.jpg 300w, https:\/\/monchstein.at\/wp-content\/uploads\/2025\/12\/hires-grossesfestspielhaus_auditorium_c_sf-768x432.jpg 768w, https:\/\/monchstein.at\/wp-content\/uploads\/2025\/12\/hires-grossesfestspielhaus_auditorium_c_sf-200x113.jpg 200w, https:\/\/monchstein.at\/wp-content\/uploads\/2025\/12\/hires-grossesfestspielhaus_auditorium_c_sf-1536x864.jpg 1536w, https:\/\/monchstein.at\/wp-content\/uploads\/2025\/12\/hires-grossesfestspielhaus_auditorium_c_sf-2048x1152.jpg 2048w\" sizes=\"(max-width: 1024px) 100vw, 1024px\" \/>\t\t\t\t\t\t\t\t\t\t\t\t\t\t\t<\/div>\n\t\t\t\t<\/div>\n\t\t\t\t<div class=\"elementor-element elementor-element-64abc39 e-transform elementor-widget elementor-widget-image\" data-id=\"64abc39\" data-element_type=\"widget\" data-e-type=\"widget\" data-settings=\"{&quot;_transform_translateY_effect&quot;:{&quot;unit&quot;:&quot;%&quot;,&quot;size&quot;:-22,&quot;sizes&quot;:[]},&quot;_transform_translateY_effect_tablet&quot;:{&quot;unit&quot;:&quot;%&quot;,&quot;size&quot;:-84,&quot;sizes&quot;:[]},&quot;_transform_translateY_effect_mobile&quot;:{&quot;unit&quot;:&quot;%&quot;,&quot;size&quot;:-80,&quot;sizes&quot;:[]},&quot;_transform_translateX_effect_tablet&quot;:{&quot;unit&quot;:&quot;px&quot;,&quot;size&quot;:146,&quot;sizes&quot;:[]},&quot;_transform_translateX_effect_mobile&quot;:{&quot;unit&quot;:&quot;%&quot;,&quot;size&quot;:0,&quot;sizes&quot;:[]},&quot;_transform_translateX_effect&quot;:{&quot;unit&quot;:&quot;px&quot;,&quot;size&quot;:&quot;&quot;,&quot;sizes&quot;:[]}}\" data-widget_type=\"image.default\">\n\t\t\t\t<div class=\"elementor-widget-container\">\n\t\t\t\t\t\t\t\t\t\t\t\t\t\t\t<img decoding=\"async\" width=\"2560\" height=\"1706\" src=\"https:\/\/monchstein.at\/wp-content\/uploads\/2025\/12\/hofstallgasse-2024-c-sf-andreas-kolarik-103-scaled.jpg\" class=\"attachment-full size-full wp-image-79758\" alt=\"\" srcset=\"https:\/\/monchstein.at\/wp-content\/uploads\/2025\/12\/hofstallgasse-2024-c-sf-andreas-kolarik-103-scaled.jpg 2560w, https:\/\/monchstein.at\/wp-content\/uploads\/2025\/12\/hofstallgasse-2024-c-sf-andreas-kolarik-103-300x200.jpg 300w, https:\/\/monchstein.at\/wp-content\/uploads\/2025\/12\/hofstallgasse-2024-c-sf-andreas-kolarik-103-1024x683.jpg 1024w, https:\/\/monchstein.at\/wp-content\/uploads\/2025\/12\/hofstallgasse-2024-c-sf-andreas-kolarik-103-768x512.jpg 768w, https:\/\/monchstein.at\/wp-content\/uploads\/2025\/12\/hofstallgasse-2024-c-sf-andreas-kolarik-103-200x133.jpg 200w, https:\/\/monchstein.at\/wp-content\/uploads\/2025\/12\/hofstallgasse-2024-c-sf-andreas-kolarik-103-1536x1024.jpg 1536w, https:\/\/monchstein.at\/wp-content\/uploads\/2025\/12\/hofstallgasse-2024-c-sf-andreas-kolarik-103-2048x1365.jpg 2048w\" sizes=\"(max-width: 2560px) 100vw, 2560px\" \/>\t\t\t\t\t\t\t\t\t\t\t\t\t\t\t<\/div>\n\t\t\t\t<\/div>\n\t\t\t\t<div class=\"elementor-element elementor-element-111cebb elementor-widget elementor-widget-text-editor\" data-id=\"111cebb\" data-element_type=\"widget\" data-e-type=\"widget\" data-widget_type=\"text-editor.default\">\n\t\t\t\t<div class=\"elementor-widget-container\">\n\t\t\t\t\t\t\t\t\t<p style=\"text-align: left;\">Photo \u00a9 Festival de Salzburg \/ Andreas Kolarik<\/p>\t\t\t\t\t\t\t\t<\/div>\n\t\t\t\t<\/div>\n\t\t\t\t<\/div>\n\t\t\t\t\t<\/div>\n\t\t\t\t<\/div>\n\t\t<div class=\"elementor-element elementor-element-a6d4a22 e-flex e-con-boxed e-con e-parent\" data-id=\"a6d4a22\" data-element_type=\"container\" data-e-type=\"container\" data-settings=\"{&quot;background_background&quot;:&quot;classic&quot;}\">\n\t\t\t\t\t<div class=\"e-con-inner\">\n\t\t<div class=\"elementor-element elementor-element-ac927d0 e-con-full e-flex e-con e-child\" data-id=\"ac927d0\" data-element_type=\"container\" data-e-type=\"container\">\n\t\t\t\t<div class=\"elementor-element elementor-element-1291289 elementor-widget elementor-widget-image\" data-id=\"1291289\" data-element_type=\"widget\" data-e-type=\"widget\" data-widget_type=\"image.default\">\n\t\t\t\t<div class=\"elementor-widget-container\">\n\t\t\t\t\t\t\t\t\t\t\t\t\t\t\t<img decoding=\"async\" width=\"684\" height=\"1024\" src=\"https:\/\/monchstein.at\/wp-content\/uploads\/2025\/11\/L1000708-Bearbeitet-684x1024.jpg\" class=\"attachment-large size-large wp-image-79759\" alt=\"\" srcset=\"https:\/\/monchstein.at\/wp-content\/uploads\/2025\/11\/L1000708-Bearbeitet-684x1024.jpg 684w, https:\/\/monchstein.at\/wp-content\/uploads\/2025\/11\/L1000708-Bearbeitet-200x300.jpg 200w, https:\/\/monchstein.at\/wp-content\/uploads\/2025\/11\/L1000708-Bearbeitet-768x1150.jpg 768w, https:\/\/monchstein.at\/wp-content\/uploads\/2025\/11\/L1000708-Bearbeitet-134x200.jpg 134w, https:\/\/monchstein.at\/wp-content\/uploads\/2025\/11\/L1000708-Bearbeitet-1026x1536.jpg 1026w, https:\/\/monchstein.at\/wp-content\/uploads\/2025\/11\/L1000708-Bearbeitet-1368x2048.jpg 1368w, https:\/\/monchstein.at\/wp-content\/uploads\/2025\/11\/L1000708-Bearbeitet-scaled.jpg 1710w\" sizes=\"(max-width: 684px) 100vw, 684px\" \/>\t\t\t\t\t\t\t\t\t\t\t\t\t\t\t<\/div>\n\t\t\t\t<\/div>\n\t\t\t\t<\/div>\n\t\t<div class=\"elementor-element elementor-element-b97c67c e-con-full e-flex e-con e-child\" data-id=\"b97c67c\" data-element_type=\"container\" data-e-type=\"container\">\n\t\t\t\t<div class=\"elementor-element elementor-element-47c174a elementor-widget elementor-widget-heading\" data-id=\"47c174a\" data-element_type=\"widget\" data-e-type=\"widget\" data-widget_type=\"heading.default\">\n\t\t\t\t<div class=\"elementor-widget-container\">\n\t\t\t\t\t<h2 class=\"elementor-heading-title elementor-size-default\">Votre refuge au-dessus des toits de la ville culturelle de Salzbourg\n<\/h2>\t\t\t\t<\/div>\n\t\t\t\t<\/div>\n\t\t\t\t<div class=\"elementor-element elementor-element-3474ef4 elementor-widget elementor-widget-text-editor\" data-id=\"3474ef4\" data-element_type=\"widget\" data-e-type=\"widget\" data-widget_type=\"text-editor.default\">\n\t\t\t\t<div class=\"elementor-widget-container\">\n\t\t\t\t\t\t\t\t\tOp\u00e9ra, concert ou th\u00e9\u00e2tre \u2013 associez vos visites au Festival \u00e0 un s\u00e9jour dans l&rsquo;un des h\u00f4tels de luxe les plus exclusifs d&rsquo;Europe. Notre \u00e9quipe se fera un plaisir de vous accompagner dans la planification de votre s\u00e9jour, la r\u00e9servation de billets, l&rsquo;organisation de transferts ou les arrangements culinaires avant et apr\u00e8s les repr\u00e9sentations. \n\t\t\t\t\t\t\t\t<\/div>\n\t\t\t\t<\/div>\n\t\t\t\t<div class=\"elementor-element elementor-element-9509b36 elementor-mobile-align-justify elementor-widget-mobile__width-inherit elementor-widget elementor-widget-button\" data-id=\"9509b36\" data-element_type=\"widget\" data-e-type=\"widget\" data-widget_type=\"button.default\">\n\t\t\t\t<div class=\"elementor-widget-container\">\n\t\t\t\t\t\t\t\t\t<div class=\"elementor-button-wrapper\">\n\t\t\t\t\t<a class=\"elementor-button elementor-button-link elementor-size-sm\" href=\"https:\/\/monchstein.at\/fr\/chambres-suites\/\">\n\t\t\t\t\t\t<span class=\"elementor-button-content-wrapper\">\n\t\t\t\t\t\t\t\t\t<span class=\"elementor-button-text\">Chambres &amp; Suites<\/span>\n\t\t\t\t\t<\/span>\n\t\t\t\t\t<\/a>\n\t\t\t\t<\/div>\n\t\t\t\t\t\t\t\t<\/div>\n\t\t\t\t<\/div>\n\t\t\t\t<\/div>\n\t\t\t\t\t<\/div>\n\t\t\t\t<\/div>\n\t\t<div class=\"elementor-element elementor-element-7e4e586 e-flex e-con-boxed e-con e-parent\" data-id=\"7e4e586\" data-element_type=\"container\" data-e-type=\"container\" data-settings=\"{&quot;background_background&quot;:&quot;video&quot;,&quot;background_video_link&quot;:&quot;https:\\\/\\\/monchstein.at\\\/wp-content\\\/uploads\\\/2025\\\/06\\\/20250515_Monchstein_Zimmer_MT_V2-1.mp4&quot;}\">\n\t\t\t\t\t<div class=\"e-con-inner\">\n\t\t<div class=\"elementor-background-video-container elementor-hidden-mobile\">\n\t\t\t\t\t\t\t<video class=\"elementor-background-video-hosted\" role=\"presentation\" autoplay muted playsinline loop><\/video>\n\t\t\t\t\t<\/div>\t\t<div class=\"elementor-element elementor-element-f6998cc elementor-widget elementor-widget-heading\" data-id=\"f6998cc\" data-element_type=\"widget\" data-e-type=\"widget\" data-widget_type=\"heading.default\">\n\t\t\t\t<div class=\"elementor-widget-container\">\n\t\t\t\t\t<h2 class=\"elementor-heading-title elementor-size-default\">Suite Maria Theresia\n<\/h2>\t\t\t\t<\/div>\n\t\t\t\t<\/div>\n\t\t\t\t<div class=\"elementor-element elementor-element-992b30b elementor-widget elementor-widget-text-editor\" data-id=\"992b30b\" data-element_type=\"widget\" data-e-type=\"widget\" data-widget_type=\"text-editor.default\">\n\t\t\t\t<div class=\"elementor-widget-container\">\n\t\t\t\t\t\t\t\t\t<p>Perle pr\u00e9cieuse de la maison, la Suite Maria Theresia allie histoire, art et confort incomparable. La construction exceptionnelle des fen\u00eatres \u2013 inspir\u00e9e de L\u00e9onard de Vinci \u2013 offre une vue embl\u00e9matique sur le centre culturel de Salzbourg et le paisible parc du ch\u00e2teau. <\/p>\t\t\t\t\t\t\t\t<\/div>\n\t\t\t\t<\/div>\n\t\t\t\t<div class=\"elementor-element elementor-element-89f68b2 elementor-align-center elementor-mobile-align-justify elementor-widget-mobile__width-inherit elementor-widget elementor-widget-button\" data-id=\"89f68b2\" data-element_type=\"widget\" data-e-type=\"widget\" data-widget_type=\"button.default\">\n\t\t\t\t<div class=\"elementor-widget-container\">\n\t\t\t\t\t\t\t\t\t<div class=\"elementor-button-wrapper\">\n\t\t\t\t\t<a class=\"elementor-button elementor-button-link elementor-size-sm\" href=\"https:\/\/monchstein.at\/fr\/suite-maria-theresia\/\">\n\t\t\t\t\t\t<span class=\"elementor-button-content-wrapper\">\n\t\t\t\t\t\t\t\t\t<span class=\"elementor-button-text\">D\u00e9couvrir maintenant<\/span>\n\t\t\t\t\t<\/span>\n\t\t\t\t\t<\/a>\n\t\t\t\t<\/div>\n\t\t\t\t\t\t\t\t<\/div>\n\t\t\t\t<\/div>\n\t\t\t\t\t<\/div>\n\t\t\t\t<\/div>\n\t\t\t\t<\/div>\n\t\t","protected":false},"excerpt":{"rendered":"<p>Plaisir culturel au plus haut niveau Festival de Salzburg Photo \u00a9 Luigi Caputo Luxe, culture &amp; confort Votre s\u00e9jour au [&hellip;]<\/p>\n","protected":false},"author":1,"featured_media":79756,"parent":0,"menu_order":0,"comment_status":"closed","ping_status":"closed","template":"elementor_header_footer","meta":{"_acf_changed":false,"inline_featured_image":false,"site-sidebar-layout":"no-sidebar","site-content-layout":"","ast-site-content-layout":"full-width-container","site-content-style":"default","site-sidebar-style":"default","ast-global-header-display":"","ast-banner-title-visibility":"","ast-main-header-display":"","ast-hfb-above-header-display":"","ast-hfb-below-header-display":"","ast-hfb-mobile-header-display":"","site-post-title":"disabled","ast-breadcrumbs-content":"","ast-featured-img":"disabled","footer-sml-layout":"","theme-transparent-header-meta":"","adv-header-id-meta":"","stick-header-meta":"","header-above-stick-meta":"","header-main-stick-meta":"","header-below-stick-meta":"","astra-migrate-meta-layouts":"default","ast-page-background-enabled":"default","ast-page-background-meta":{"desktop":{"background-color":"var(--ast-global-color-5)","background-image":"","background-repeat":"repeat","background-position":"center center","background-size":"auto","background-attachment":"scroll","background-type":"","background-media":"","overlay-type":"","overlay-color":"","overlay-opacity":"","overlay-gradient":""},"tablet":{"background-color":"","background-image":"","background-repeat":"repeat","background-position":"center center","background-size":"auto","background-attachment":"scroll","background-type":"","background-media":"","overlay-type":"","overlay-color":"","overlay-opacity":"","overlay-gradient":""},"mobile":{"background-color":"","background-image":"","background-repeat":"repeat","background-position":"center center","background-size":"auto","background-attachment":"scroll","background-type":"","background-media":"","overlay-type":"","overlay-color":"","overlay-opacity":"","overlay-gradient":""}},"ast-content-background-meta":{"desktop":{"background-color":"var(--ast-global-color-4)","background-image":"","background-repeat":"repeat","background-position":"center center","background-size":"auto","background-attachment":"scroll","background-type":"","background-media":"","overlay-type":"","overlay-color":"","overlay-opacity":"","overlay-gradient":""},"tablet":{"background-color":"var(--ast-global-color-4)","background-image":"","background-repeat":"repeat","background-position":"center center","background-size":"auto","background-attachment":"scroll","background-type":"","background-media":"","overlay-type":"","overlay-color":"","overlay-opacity":"","overlay-gradient":""},"mobile":{"background-color":"var(--ast-global-color-4)","background-image":"","background-repeat":"repeat","background-position":"center center","background-size":"auto","background-attachment":"scroll","background-type":"","background-media":"","overlay-type":"","overlay-color":"","overlay-opacity":"","overlay-gradient":""}},"footnotes":""},"class_list":["post-79755","page","type-page","status-publish","has-post-thumbnail","hentry"],"acf":[],"yoast_head":"<!-- This site is optimized with the Yoast SEO plugin v27.4 - https:\/\/yoast.com\/product\/yoast-seo-wordpress\/ -->\n<title>Festival de Salzburg - Hotel Schloss M\u00f6nchstein<\/title>\n<meta name=\"description\" content=\"Vivez le Festival de Salzburg dans l&#039;ambiance exclusive de l&#039;Hotel Schloss M\u00f6nchstein*****s. Profitez de la culture, du confort &amp; de l&#039;art culinaire \u00e0 quelques minutes seulement du Palais des Festivals.\" \/>\n<meta name=\"robots\" content=\"index, follow, max-snippet:-1, max-image-preview:large, max-video-preview:-1\" \/>\n<link rel=\"canonical\" href=\"https:\/\/monchstein.at\/fr\/festival-de-salzburg\/\" \/>\n<meta property=\"og:locale\" content=\"fr_FR\" \/>\n<meta property=\"og:type\" content=\"article\" \/>\n<meta property=\"og:title\" content=\"Festival de Salzburg - Hotel Schloss M\u00f6nchstein\" \/>\n<meta property=\"og:description\" content=\"Vivez le Festival de Salzburg dans l&#039;ambiance exclusive de l&#039;Hotel Schloss M\u00f6nchstein*****s. Profitez de la culture, du confort &amp; de l&#039;art culinaire \u00e0 quelques minutes seulement du Palais des Festivals.\" \/>\n<meta property=\"og:url\" content=\"https:\/\/monchstein.at\/fr\/festival-de-salzburg\/\" \/>\n<meta property=\"og:site_name\" content=\"Hotel Schloss M\u00f6nchstein*****s\" \/>\n<meta property=\"article:modified_time\" content=\"2026-03-14T12:35:14+00:00\" \/>\n<meta property=\"og:image\" content=\"https:\/\/monchstein.at\/wp-content\/uploads\/2025\/12\/hires-masken_caputo-scaled.jpg\" \/>\n\t<meta property=\"og:image:width\" content=\"2560\" \/>\n\t<meta property=\"og:image:height\" content=\"1703\" \/>\n\t<meta property=\"og:image:type\" content=\"image\/jpeg\" \/>\n<meta name=\"twitter:card\" content=\"summary_large_image\" \/>\n<meta name=\"twitter:label1\" content=\"Dur\u00e9e de lecture estim\u00e9e\" \/>\n\t<meta name=\"twitter:data1\" content=\"2 minutes\" \/>\n<script type=\"application\/ld+json\" class=\"yoast-schema-graph\">{\"@context\":\"https:\\\/\\\/schema.org\",\"@graph\":[{\"@type\":\"WebPage\",\"@id\":\"https:\\\/\\\/monchstein.at\\\/fr\\\/festival-de-salzburg\\\/\",\"url\":\"https:\\\/\\\/monchstein.at\\\/fr\\\/festival-de-salzburg\\\/\",\"name\":\"Festival de Salzburg - Hotel Schloss M\u00f6nchstein\",\"isPartOf\":{\"@id\":\"https:\\\/\\\/monchstein.at\\\/fr\\\/#website\"},\"primaryImageOfPage\":{\"@id\":\"https:\\\/\\\/monchstein.at\\\/fr\\\/festival-de-salzburg\\\/#primaryimage\"},\"image\":{\"@id\":\"https:\\\/\\\/monchstein.at\\\/fr\\\/festival-de-salzburg\\\/#primaryimage\"},\"thumbnailUrl\":\"https:\\\/\\\/monchstein.at\\\/wp-content\\\/uploads\\\/2025\\\/12\\\/hires-masken_caputo-scaled.jpg\",\"datePublished\":\"2025-12-22T08:30:38+00:00\",\"dateModified\":\"2026-03-14T12:35:14+00:00\",\"description\":\"Vivez le Festival de Salzburg dans l'ambiance exclusive de l'Hotel Schloss M\u00f6nchstein*****s. Profitez de la culture, du confort & de l'art culinaire \u00e0 quelques minutes seulement du Palais des Festivals.\",\"breadcrumb\":{\"@id\":\"https:\\\/\\\/monchstein.at\\\/fr\\\/festival-de-salzburg\\\/#breadcrumb\"},\"inLanguage\":\"fr-FR\",\"potentialAction\":[{\"@type\":\"ReadAction\",\"target\":[\"https:\\\/\\\/monchstein.at\\\/fr\\\/festival-de-salzburg\\\/\"]}]},{\"@type\":\"ImageObject\",\"inLanguage\":\"fr-FR\",\"@id\":\"https:\\\/\\\/monchstein.at\\\/fr\\\/festival-de-salzburg\\\/#primaryimage\",\"url\":\"https:\\\/\\\/monchstein.at\\\/wp-content\\\/uploads\\\/2025\\\/12\\\/hires-masken_caputo-scaled.jpg\",\"contentUrl\":\"https:\\\/\\\/monchstein.at\\\/wp-content\\\/uploads\\\/2025\\\/12\\\/hires-masken_caputo-scaled.jpg\",\"width\":2560,\"height\":1703,\"caption\":\"Programme du Festival de Salzburg\"},{\"@type\":\"BreadcrumbList\",\"@id\":\"https:\\\/\\\/monchstein.at\\\/fr\\\/festival-de-salzburg\\\/#breadcrumb\",\"itemListElement\":[{\"@type\":\"ListItem\",\"position\":1,\"name\":\"Accueil\",\"item\":\"https:\\\/\\\/monchstein.at\\\/fr\\\/\"},{\"@type\":\"ListItem\",\"position\":2,\"name\":\"Festival de Salzburg\"}]},{\"@type\":\"WebSite\",\"@id\":\"https:\\\/\\\/monchstein.at\\\/fr\\\/#website\",\"url\":\"https:\\\/\\\/monchstein.at\\\/fr\\\/\",\"name\":\"Hotel Schloss M\u00f6nchstein*****s\",\"description\":\"Luxushotel Salzburg\",\"publisher\":{\"@id\":\"https:\\\/\\\/monchstein.at\\\/fr\\\/#organization\"},\"potentialAction\":[{\"@type\":\"SearchAction\",\"target\":{\"@type\":\"EntryPoint\",\"urlTemplate\":\"https:\\\/\\\/monchstein.at\\\/fr\\\/?s={search_term_string}\"},\"query-input\":{\"@type\":\"PropertyValueSpecification\",\"valueRequired\":true,\"valueName\":\"search_term_string\"}}],\"inLanguage\":\"fr-FR\"},{\"@type\":\"Organization\",\"@id\":\"https:\\\/\\\/monchstein.at\\\/fr\\\/#organization\",\"name\":\"Hotel Schloss M\u00f6nchstein*****s\",\"url\":\"https:\\\/\\\/monchstein.at\\\/fr\\\/\",\"logo\":{\"@type\":\"ImageObject\",\"inLanguage\":\"fr-FR\",\"@id\":\"https:\\\/\\\/monchstein.at\\\/fr\\\/#\\\/schema\\\/logo\\\/image\\\/\",\"url\":\"https:\\\/\\\/monchstein.at\\\/wp-content\\\/uploads\\\/2025\\\/06\\\/Hotel-Schloss-Monchstein-Logo.svg\",\"contentUrl\":\"https:\\\/\\\/monchstein.at\\\/wp-content\\\/uploads\\\/2025\\\/06\\\/Hotel-Schloss-Monchstein-Logo.svg\",\"width\":595.28,\"height\":273.01,\"caption\":\"Hotel Schloss M\u00f6nchstein*****s\"},\"image\":{\"@id\":\"https:\\\/\\\/monchstein.at\\\/fr\\\/#\\\/schema\\\/logo\\\/image\\\/\"}}]}<\/script>\n<!-- \/ Yoast SEO plugin. -->","yoast_head_json":{"title":"Festival de Salzburg - Hotel Schloss M\u00f6nchstein","description":"Vivez le Festival de Salzburg dans l'ambiance exclusive de l'Hotel Schloss M\u00f6nchstein*****s. Profitez de la culture, du confort & de l'art culinaire \u00e0 quelques minutes seulement du Palais des Festivals.","robots":{"index":"index","follow":"follow","max-snippet":"max-snippet:-1","max-image-preview":"max-image-preview:large","max-video-preview":"max-video-preview:-1"},"canonical":"https:\/\/monchstein.at\/fr\/festival-de-salzburg\/","og_locale":"fr_FR","og_type":"article","og_title":"Festival de Salzburg - Hotel Schloss M\u00f6nchstein","og_description":"Vivez le Festival de Salzburg dans l'ambiance exclusive de l'Hotel Schloss M\u00f6nchstein*****s. Profitez de la culture, du confort & de l'art culinaire \u00e0 quelques minutes seulement du Palais des Festivals.","og_url":"https:\/\/monchstein.at\/fr\/festival-de-salzburg\/","og_site_name":"Hotel Schloss M\u00f6nchstein*****s","article_modified_time":"2026-03-14T12:35:14+00:00","og_image":[{"width":2560,"height":1703,"url":"https:\/\/monchstein.at\/wp-content\/uploads\/2025\/12\/hires-masken_caputo-scaled.jpg","type":"image\/jpeg"}],"twitter_card":"summary_large_image","twitter_misc":{"Dur\u00e9e de lecture estim\u00e9e":"2 minutes"},"schema":{"@context":"https:\/\/schema.org","@graph":[{"@type":"WebPage","@id":"https:\/\/monchstein.at\/fr\/festival-de-salzburg\/","url":"https:\/\/monchstein.at\/fr\/festival-de-salzburg\/","name":"Festival de Salzburg - Hotel Schloss M\u00f6nchstein","isPartOf":{"@id":"https:\/\/monchstein.at\/fr\/#website"},"primaryImageOfPage":{"@id":"https:\/\/monchstein.at\/fr\/festival-de-salzburg\/#primaryimage"},"image":{"@id":"https:\/\/monchstein.at\/fr\/festival-de-salzburg\/#primaryimage"},"thumbnailUrl":"https:\/\/monchstein.at\/wp-content\/uploads\/2025\/12\/hires-masken_caputo-scaled.jpg","datePublished":"2025-12-22T08:30:38+00:00","dateModified":"2026-03-14T12:35:14+00:00","description":"Vivez le Festival de Salzburg dans l'ambiance exclusive de l'Hotel Schloss M\u00f6nchstein*****s. Profitez de la culture, du confort & de l'art culinaire \u00e0 quelques minutes seulement du Palais des Festivals.","breadcrumb":{"@id":"https:\/\/monchstein.at\/fr\/festival-de-salzburg\/#breadcrumb"},"inLanguage":"fr-FR","potentialAction":[{"@type":"ReadAction","target":["https:\/\/monchstein.at\/fr\/festival-de-salzburg\/"]}]},{"@type":"ImageObject","inLanguage":"fr-FR","@id":"https:\/\/monchstein.at\/fr\/festival-de-salzburg\/#primaryimage","url":"https:\/\/monchstein.at\/wp-content\/uploads\/2025\/12\/hires-masken_caputo-scaled.jpg","contentUrl":"https:\/\/monchstein.at\/wp-content\/uploads\/2025\/12\/hires-masken_caputo-scaled.jpg","width":2560,"height":1703,"caption":"Programme du Festival de Salzburg"},{"@type":"BreadcrumbList","@id":"https:\/\/monchstein.at\/fr\/festival-de-salzburg\/#breadcrumb","itemListElement":[{"@type":"ListItem","position":1,"name":"Accueil","item":"https:\/\/monchstein.at\/fr\/"},{"@type":"ListItem","position":2,"name":"Festival de Salzburg"}]},{"@type":"WebSite","@id":"https:\/\/monchstein.at\/fr\/#website","url":"https:\/\/monchstein.at\/fr\/","name":"Hotel Schloss M\u00f6nchstein*****s","description":"Luxushotel Salzburg","publisher":{"@id":"https:\/\/monchstein.at\/fr\/#organization"},"potentialAction":[{"@type":"SearchAction","target":{"@type":"EntryPoint","urlTemplate":"https:\/\/monchstein.at\/fr\/?s={search_term_string}"},"query-input":{"@type":"PropertyValueSpecification","valueRequired":true,"valueName":"search_term_string"}}],"inLanguage":"fr-FR"},{"@type":"Organization","@id":"https:\/\/monchstein.at\/fr\/#organization","name":"Hotel Schloss M\u00f6nchstein*****s","url":"https:\/\/monchstein.at\/fr\/","logo":{"@type":"ImageObject","inLanguage":"fr-FR","@id":"https:\/\/monchstein.at\/fr\/#\/schema\/logo\/image\/","url":"https:\/\/monchstein.at\/wp-content\/uploads\/2025\/06\/Hotel-Schloss-Monchstein-Logo.svg","contentUrl":"https:\/\/monchstein.at\/wp-content\/uploads\/2025\/06\/Hotel-Schloss-Monchstein-Logo.svg","width":595.28,"height":273.01,"caption":"Hotel Schloss M\u00f6nchstein*****s"},"image":{"@id":"https:\/\/monchstein.at\/fr\/#\/schema\/logo\/image\/"}}]}},"_links":{"self":[{"href":"https:\/\/monchstein.at\/fr\/wp-json\/wp\/v2\/pages\/79755","targetHints":{"allow":["GET"]}}],"collection":[{"href":"https:\/\/monchstein.at\/fr\/wp-json\/wp\/v2\/pages"}],"about":[{"href":"https:\/\/monchstein.at\/fr\/wp-json\/wp\/v2\/types\/page"}],"author":[{"embeddable":true,"href":"https:\/\/monchstein.at\/fr\/wp-json\/wp\/v2\/users\/1"}],"replies":[{"embeddable":true,"href":"https:\/\/monchstein.at\/fr\/wp-json\/wp\/v2\/comments?post=79755"}],"version-history":[{"count":3,"href":"https:\/\/monchstein.at\/fr\/wp-json\/wp\/v2\/pages\/79755\/revisions"}],"predecessor-version":[{"id":81195,"href":"https:\/\/monchstein.at\/fr\/wp-json\/wp\/v2\/pages\/79755\/revisions\/81195"}],"wp:featuredmedia":[{"embeddable":true,"href":"https:\/\/monchstein.at\/fr\/wp-json\/wp\/v2\/media\/79756"}],"wp:attachment":[{"href":"https:\/\/monchstein.at\/fr\/wp-json\/wp\/v2\/media?parent=79755"}],"curies":[{"name":"wp","href":"https:\/\/api.w.org\/{rel}","templated":true}]}}